{"id":26,"date":"2015-11-26T23:47:14","date_gmt":"2015-11-26T22:47:14","guid":{"rendered":"http:\/\/holzfit.de\/?page_id=26"},"modified":"2023-08-17T12:27:00","modified_gmt":"2023-08-17T10:27:00","slug":"ueber-uns","status":"publish","type":"page","link":"https:\/\/holzfit.com\/index.php\/ueber-uns\/","title":{"rendered":"\u00dcber uns"},"content":{"rendered":"\n<p>Seit 1998 f\u00fchrt Patrick Kn\u00e4bel &#8211; Schreinermeister und Technischer Fachwirt &#8211; das Unternehmen. Mit langj\u00e4hriger Erfahrung und fachlichem Know-How k\u00f6nnen wir qualitativ hochwertige Produkte anbieten. Diese werden von uns fachgerecht montiert. Durch vorherige Beratung vor Ort oder in unseren R\u00e4umen finden wir entsprechende L\u00f6sungen f\u00fcr die W\u00fcnsche unserer Kunden, damit Sie sch\u00f6n, gesund und sicher wohnen.<\/p>\n\n\n\n<figure class=\"wp-block-video\"><video height=\"1080\" style=\"aspect-ratio: 1920 \/ 1080;\" width=\"1920\" controls src=\"https:\/\/holzfit.com\/wp-content\/uploads\/2023\/03\/GVR_Knaebel.mp4\"><\/video><\/figure>\n","protected":false},"excerpt":{"rendered":"<p>Seit 1998 f\u00fchrt Patrick Kn\u00e4bel &#8211; Schreinermeister und Technischer Fachwirt &#8211; das Unternehmen. Mit langj\u00e4hriger Erfahrung und fachlichem Know-How k\u00f6nnen wir qualitativ hochwertige Produkte anbieten. Diese werden von uns fachgerecht montiert. Durch vorherige Beratung vor Ort oder in unseren R\u00e4umen &hellip; <a href=\"https:\/\/holzfit.com\/index.php\/ueber-uns\/\">Weiterlesen <span class=\"meta-nav\">&rarr;<\/span><\/a><\/p>\n","protected":false},"author":1,"featured_media":0,"parent":0,"menu_order":2,"comment_status":"closed","ping_status":"closed","template":"sidebar-page.php","meta":{"footnotes":""},"class_list":["post-26","page","type-page","status-publish","hentry"],"yoast_head":"<!-- This site is optimized with the Yoast SEO plugin v27.5 - https:\/\/yoast.com\/product\/yoast-seo-wordpress\/ -->\n<title>\u00dcber uns - Holzfit Kn\u00e4bel<\/title>\n<meta name=\"description\" content=\"Seit 1998 f\u00fchrt Patrick Kn\u00e4bel - Schreinermeister und Technischer Fachwirt - das Unternehmen mit Erfahrung und fachlichem Know-How\" \/>\n<meta name=\"robots\" content=\"index, follow, max-snippet:-1, max-image-preview:large, max-video-preview:-1\" \/>\n<link rel=\"canonical\" href=\"https:\/\/holzfit.com\/index.php\/ueber-uns\/\" \/>\n<meta property=\"og:locale\" content=\"de_DE\" \/>\n<meta property=\"og:type\" content=\"article\" \/>\n<meta property=\"og:title\" content=\"\u00dcber uns - Holzfit Kn\u00e4bel\" \/>\n<meta property=\"og:description\" content=\"Seit 1998 f\u00fchrt Patrick Kn\u00e4bel - Schreinermeister und Technischer Fachwirt - das Unternehmen mit Erfahrung und fachlichem Know-How\" \/>\n<meta property=\"og:url\" content=\"https:\/\/holzfit.com\/index.php\/ueber-uns\/\" \/>\n<meta property=\"og:site_name\" content=\"Holzfit Kn\u00e4bel\" \/>\n<meta property=\"article:publisher\" content=\"https:\/\/www.facebook.com\/Holzfit\" \/>\n<meta property=\"article:modified_time\" content=\"2023-08-17T10:27:00+00:00\" \/>\n<meta name=\"twitter:card\" content=\"summary_large_image\" \/>\n<meta name=\"twitter:label1\" content=\"Gesch\u00e4tzte Lesezeit\" \/>\n\t<meta name=\"twitter:data1\" content=\"1\u00a0Minute\" \/>\n<script type=\"application\/ld+json\" class=\"yoast-schema-graph\">{\"@context\":\"https:\\\/\\\/schema.org\",\"@graph\":[{\"@type\":\"WebPage\",\"@id\":\"https:\\\/\\\/holzfit.com\\\/index.php\\\/ueber-uns\\\/\",\"url\":\"https:\\\/\\\/holzfit.com\\\/index.php\\\/ueber-uns\\\/\",\"name\":\"\u00dcber uns - Holzfit Kn\u00e4bel\",\"isPartOf\":{\"@id\":\"https:\\\/\\\/holzfit.com\\\/#website\"},\"datePublished\":\"2015-11-26T22:47:14+00:00\",\"dateModified\":\"2023-08-17T10:27:00+00:00\",\"description\":\"Seit 1998 f\u00fchrt Patrick Kn\u00e4bel - Schreinermeister und Technischer Fachwirt - das Unternehmen mit Erfahrung und fachlichem Know-How\",\"breadcrumb\":{\"@id\":\"https:\\\/\\\/holzfit.com\\\/index.php\\\/ueber-uns\\\/#breadcrumb\"},\"inLanguage\":\"de\",\"potentialAction\":[{\"@type\":\"ReadAction\",\"target\":[\"https:\\\/\\\/holzfit.com\\\/index.php\\\/ueber-uns\\\/\"]}]},{\"@type\":\"BreadcrumbList\",\"@id\":\"https:\\\/\\\/holzfit.com\\\/index.php\\\/ueber-uns\\\/#breadcrumb\",\"itemListElement\":[{\"@type\":\"ListItem\",\"position\":1,\"name\":\"Startseite\",\"item\":\"https:\\\/\\\/holzfit.com\\\/\"},{\"@type\":\"ListItem\",\"position\":2,\"name\":\"\u00dcber uns\"}]},{\"@type\":\"WebSite\",\"@id\":\"https:\\\/\\\/holzfit.com\\\/#website\",\"url\":\"https:\\\/\\\/holzfit.com\\\/\",\"name\":\"Holzfit Kn\u00e4bel\",\"description\":\"f\u00fcr sch\u00f6nes, gesundes &amp; sicheres Wohnen\",\"publisher\":{\"@id\":\"https:\\\/\\\/holzfit.com\\\/#organization\"},\"potentialAction\":[{\"@type\":\"SearchAction\",\"target\":{\"@type\":\"EntryPoint\",\"urlTemplate\":\"https:\\\/\\\/holzfit.com\\\/?s={search_term_string}\"},\"query-input\":{\"@type\":\"PropertyValueSpecification\",\"valueRequired\":true,\"valueName\":\"search_term_string\"}}],\"inLanguage\":\"de\"},{\"@type\":\"Organization\",\"@id\":\"https:\\\/\\\/holzfit.com\\\/#organization\",\"name\":\"Holzfit Kn\u00e4bel\",\"url\":\"https:\\\/\\\/holzfit.com\\\/\",\"logo\":{\"@type\":\"ImageObject\",\"inLanguage\":\"de\",\"@id\":\"https:\\\/\\\/holzfit.com\\\/#\\\/schema\\\/logo\\\/image\\\/\",\"url\":\"http:\\\/\\\/holzfit.com\\\/wp-content\\\/uploads\\\/2015\\\/11\\\/logo_knaebel_1000x222_rund.jpg\",\"contentUrl\":\"http:\\\/\\\/holzfit.com\\\/wp-content\\\/uploads\\\/2015\\\/11\\\/logo_knaebel_1000x222_rund.jpg\",\"width\":1000,\"height\":222,\"caption\":\"Holzfit Kn\u00e4bel\"},\"image\":{\"@id\":\"https:\\\/\\\/holzfit.com\\\/#\\\/schema\\\/logo\\\/image\\\/\"},\"sameAs\":[\"https:\\\/\\\/www.facebook.com\\\/Holzfit\"]}]}<\/script>\n<!-- \/ Yoast SEO plugin. -->","yoast_head_json":{"title":"\u00dcber uns - Holzfit Kn\u00e4bel","description":"Seit 1998 f\u00fchrt Patrick Kn\u00e4bel - Schreinermeister und Technischer Fachwirt - das Unternehmen mit Erfahrung und fachlichem Know-How","robots":{"index":"index","follow":"follow","max-snippet":"max-snippet:-1","max-image-preview":"max-image-preview:large","max-video-preview":"max-video-preview:-1"},"canonical":"https:\/\/holzfit.com\/index.php\/ueber-uns\/","og_locale":"de_DE","og_type":"article","og_title":"\u00dcber uns - Holzfit Kn\u00e4bel","og_description":"Seit 1998 f\u00fchrt Patrick Kn\u00e4bel - Schreinermeister und Technischer Fachwirt - das Unternehmen mit Erfahrung und fachlichem Know-How","og_url":"https:\/\/holzfit.com\/index.php\/ueber-uns\/","og_site_name":"Holzfit Kn\u00e4bel","article_publisher":"https:\/\/www.facebook.com\/Holzfit","article_modified_time":"2023-08-17T10:27:00+00:00","twitter_card":"summary_large_image","twitter_misc":{"Gesch\u00e4tzte Lesezeit":"1\u00a0Minute"},"schema":{"@context":"https:\/\/schema.org","@graph":[{"@type":"WebPage","@id":"https:\/\/holzfit.com\/index.php\/ueber-uns\/","url":"https:\/\/holzfit.com\/index.php\/ueber-uns\/","name":"\u00dcber uns - Holzfit Kn\u00e4bel","isPartOf":{"@id":"https:\/\/holzfit.com\/#website"},"datePublished":"2015-11-26T22:47:14+00:00","dateModified":"2023-08-17T10:27:00+00:00","description":"Seit 1998 f\u00fchrt Patrick Kn\u00e4bel - Schreinermeister und Technischer Fachwirt - das Unternehmen mit Erfahrung und fachlichem Know-How","breadcrumb":{"@id":"https:\/\/holzfit.com\/index.php\/ueber-uns\/#breadcrumb"},"inLanguage":"de","potentialAction":[{"@type":"ReadAction","target":["https:\/\/holzfit.com\/index.php\/ueber-uns\/"]}]},{"@type":"BreadcrumbList","@id":"https:\/\/holzfit.com\/index.php\/ueber-uns\/#breadcrumb","itemListElement":[{"@type":"ListItem","position":1,"name":"Startseite","item":"https:\/\/holzfit.com\/"},{"@type":"ListItem","position":2,"name":"\u00dcber uns"}]},{"@type":"WebSite","@id":"https:\/\/holzfit.com\/#website","url":"https:\/\/holzfit.com\/","name":"Holzfit Kn\u00e4bel","description":"f\u00fcr sch\u00f6nes, gesundes &amp; sicheres Wohnen","publisher":{"@id":"https:\/\/holzfit.com\/#organization"},"potentialAction":[{"@type":"SearchAction","target":{"@type":"EntryPoint","urlTemplate":"https:\/\/holzfit.com\/?s={search_term_string}"},"query-input":{"@type":"PropertyValueSpecification","valueRequired":true,"valueName":"search_term_string"}}],"inLanguage":"de"},{"@type":"Organization","@id":"https:\/\/holzfit.com\/#organization","name":"Holzfit Kn\u00e4bel","url":"https:\/\/holzfit.com\/","logo":{"@type":"ImageObject","inLanguage":"de","@id":"https:\/\/holzfit.com\/#\/schema\/logo\/image\/","url":"http:\/\/holzfit.com\/wp-content\/uploads\/2015\/11\/logo_knaebel_1000x222_rund.jpg","contentUrl":"http:\/\/holzfit.com\/wp-content\/uploads\/2015\/11\/logo_knaebel_1000x222_rund.jpg","width":1000,"height":222,"caption":"Holzfit Kn\u00e4bel"},"image":{"@id":"https:\/\/holzfit.com\/#\/schema\/logo\/image\/"},"sameAs":["https:\/\/www.facebook.com\/Holzfit"]}]}},"_links":{"self":[{"href":"https:\/\/holzfit.com\/index.php\/wp-json\/wp\/v2\/pages\/26","targetHints":{"allow":["GET"]}}],"collection":[{"href":"https:\/\/holzfit.com\/index.php\/wp-json\/wp\/v2\/pages"}],"about":[{"href":"https:\/\/holzfit.com\/index.php\/wp-json\/wp\/v2\/types\/page"}],"author":[{"embeddable":true,"href":"https:\/\/holzfit.com\/index.php\/wp-json\/wp\/v2\/users\/1"}],"replies":[{"embeddable":true,"href":"https:\/\/holzfit.com\/index.php\/wp-json\/wp\/v2\/comments?post=26"}],"version-history":[{"count":4,"href":"https:\/\/holzfit.com\/index.php\/wp-json\/wp\/v2\/pages\/26\/revisions"}],"predecessor-version":[{"id":380,"href":"https:\/\/holzfit.com\/index.php\/wp-json\/wp\/v2\/pages\/26\/revisions\/380"}],"wp:attachment":[{"href":"https:\/\/holzfit.com\/index.php\/wp-json\/wp\/v2\/media?parent=26"}],"curies":[{"name":"wp","href":"https:\/\/api.w.org\/{rel}","templated":true}]}}